{"id":155,"date":"2024-12-30T17:15:07","date_gmt":"2024-12-30T16:15:07","guid":{"rendered":"https:\/\/mlmyugp.cluster100.hosting.ovh.net\/fr\/?page_id=155"},"modified":"2025-02-05T13:22:41","modified_gmt":"2025-02-05T12:22:41","slug":"s-approprier-de-nouvelles-technologies","status":"publish","type":"page","link":"https:\/\/www.projectivearchitecture.fr\/fr\/services\/s-approprier-de-nouvelles-technologies\/","title":{"rendered":"S&rsquo;approprier de nouvelles technologies"},"content":{"rendered":"\n<section class=\"obj_section section_text-image\">\n\t<div class=\"ctn_section\">\n\n\t\t<picture class=\"ctn_image\">\n\t\t\t\t\t\t<source srcset=\"https:\/\/www.projectivearchitecture.fr\/fr\/wp-content\/uploads\/2025\/01\/620x500_accelerer-ingenierie-digitale.jpg\" media=\"(max-width:767px)\">\n\t\t\t<img decoding=\"async\" src=\"https:\/\/www.projectivearchitecture.fr\/fr\/wp-content\/uploads\/2025\/01\/620x500_accelerer-ingenierie-digitale.jpg\" alt=\"\"\/>\n\t\t<\/picture>\n\n\t\t<div class=\"ctn_text\">\n\n\t\t\t\t\t\t\t<div class=\"ctn_title\">\n\t\t\t\t\t<h3 class=\"t_title\">Acc\u00e9l\u00e9rer l\u2019ing\u00e9nierie digitale<\/h3>\n\t\t\t\t<\/div>\n\t\t\t\n\t\t\t\t\t\t\t<div class=\"ctn_subtitles\">\n\t\t\t\t\t\t\t\t\t\t\t<h3 class=\"t_subtitle\">Prospective<\/h3>\n\t\t\t\t\t\t\t\t\t\t\t<h3 class=\"t_subtitle\">Pluridisciplinarit\u00e9<\/h3>\n\t\t\t\t\t\t\t\t\t\t\t<h3 class=\"t_subtitle\">Ergonomie mentale<\/h3>\n\t\t\t\t\t\t\t\t\t<\/div>\n\t\t\t\n\t\t\t<p>La composante digitale est aujourd\u2019hui la base fondamentale de tout projet d\u2019innovation. Nous r\u00e9pondons \u00e0 toutes vos demandes de programmation de nouvelles applications sur smartphones ou tablettes, de d\u00e9veloppements sur andro\u00efdes ou conception d\u2019algorithmes pour la mise en place d\u2019intelligence artificielle dans vos espaces, au service de vos clients et de votre \u00e9cosyst\u00e8me.<\/p>\n\n\t\t<\/div>\n\t\t\n\t<\/div>\n<\/section>\n\n\n<section class=\"obj_section section_text-image\">\n\t<div class=\"ctn_section\">\n\n\t\t<picture class=\"ctn_image\">\n\t\t\t\t\t\t<source srcset=\"https:\/\/www.projectivearchitecture.fr\/fr\/wp-content\/uploads\/2025\/01\/620x500_sapproprieringenieriehumaine.jpg\" media=\"(max-width:767px)\">\n\t\t\t<img decoding=\"async\" src=\"https:\/\/www.projectivearchitecture.fr\/fr\/wp-content\/uploads\/2025\/01\/620x500_sapproprieringenieriehumaine.jpg\" alt=\"\"\/>\n\t\t<\/picture>\n\n\t\t<div class=\"ctn_text\">\n\n\t\t\t\t\t\t\t<div class=\"ctn_title\">\n\t\t\t\t\t<h3 class=\"t_title\">S\u2019approprier l\u2019ing\u00e9nierie  humaine<\/h3>\n\t\t\t\t<\/div>\n\t\t\t\n\t\t\t\t\t\t\t<div class=\"ctn_subtitles\">\n\t\t\t\t\t\t\t\t\t\t\t<h3 class=\"t_subtitle\">Ergonomie<\/h3>\n\t\t\t\t\t\t\t\t\t\t\t<h3 class=\"t_subtitle\">Bien-\u00eatre<\/h3>\n\t\t\t\t\t\t\t\t\t\t\t<h3 class=\"t_subtitle\">Performance<\/h3>\n\t\t\t\t\t\t\t\t\t<\/div>\n\t\t\t\n\t\t\t<p>Seule une \u00e9quipe de projet pluridisciplinaire peut r\u00e9pondre aux sujets cl\u00e9s du bien-\u00eatre et de la performance et s\u2019approcher au plus pr\u00e8s des attentes des futurs utilisateurs. Nous travaillons en intelligence collective, avec vos salari\u00e9s, depuis l\u2019audit\/programmation jusqu\u2019\u00e0 la ma\u00eetrise d\u2019\u0153uvre\/r\u00e9alisation sans dissocier l\u2019ing\u00e9nierie de l\u2019humain, pour vous assurer de la faisabilit\u00e9, du confort et de l\u2019ergonomie de vos espaces.<\/p>\n\n\t\t<\/div>\n\t\t\n\t<\/div>\n<\/section>\n\n\n<section class=\"obj_section section_text-image\">\n\t<div class=\"ctn_section\">\n\n\t\t<picture class=\"ctn_image\">\n\t\t\t\t\t\t<source srcset=\"https:\/\/www.projectivearchitecture.fr\/fr\/wp-content\/uploads\/2025\/01\/620x500_ingenieriedurable.jpg\" media=\"(max-width:767px)\">\n\t\t\t<img decoding=\"async\" src=\"https:\/\/www.projectivearchitecture.fr\/fr\/wp-content\/uploads\/2025\/01\/620x500_ingenieriedurable.jpg\" alt=\"\"\/>\n\t\t<\/picture>\n\n\t\t<div class=\"ctn_text\">\n\n\t\t\t\t\t\t\t<div class=\"ctn_title\">\n\t\t\t\t\t<h3 class=\"t_title\">D\u00e9couvrir l\u2019ing\u00e9nierie durable<\/h3>\n\t\t\t\t<\/div>\n\t\t\t\n\t\t\t\t\t\t\t<div class=\"ctn_subtitles\">\n\t\t\t\t\t\t\t\t\t\t\t<h3 class=\"t_subtitle\">\u00c9conomie<\/h3>\n\t\t\t\t\t\t\t\t\t\t\t<h3 class=\"t_subtitle\">\u00c9cologie<\/h3>\n\t\t\t\t\t\t\t\t\t\t\t<h3 class=\"t_subtitle\">Bien-\u00eatre<\/h3>\n\t\t\t\t\t\t\t\t\t<\/div>\n\t\t\t\n\t\t\t<p>Les environnements des espaces connect\u00e9s doivent \u00eatre durables ! Nous vous aidons \u00e0 prendre les d\u00e9cisions n\u00e9cessaires pour r\u00e9duire vos consommations \u00e9nerg\u00e9tiques, les mettre en oeuvre techniquement, et former et faire \u00e9voluer les comportements de votre personnel. L\u2019\u00e9cologie ne doit plus \u00eatre une d\u00e9pense mais une \u00e9conomie, un espoir et une vision !<\/p>\n\n\t\t<\/div>\n\t\t\n\t<\/div>\n<\/section>\n\n\n<section class=\"obj_section section_text-image\">\n\t<div class=\"ctn_section\">\n\n\t\t<picture class=\"ctn_image\">\n\t\t\t\t\t\t<source srcset=\"https:\/\/www.projectivearchitecture.fr\/fr\/wp-content\/uploads\/2025\/01\/620x500_Repenserlingenierie.jpg\" media=\"(max-width:767px)\">\n\t\t\t<img decoding=\"async\" src=\"https:\/\/www.projectivearchitecture.fr\/fr\/wp-content\/uploads\/2025\/01\/620x500_Repenserlingenierie.jpg\" alt=\"\"\/>\n\t\t<\/picture>\n\n\t\t<div class=\"ctn_text\">\n\n\t\t\t\t\t\t\t<div class=\"ctn_title\">\n\t\t\t\t\t<h3 class=\"t_title\">Repenser l\u2019ing\u00e9nierie b\u00e2timent<\/h3>\n\t\t\t\t<\/div>\n\t\t\t\n\t\t\t\t\t\t\t<div class=\"ctn_subtitles\">\n\t\t\t\t\t\t\t\t\t\t\t<h3 class=\"t_subtitle\">S\u00e9r\u00e9nit\u00e9<\/h3>\n\t\t\t\t\t\t\t\t\t\t\t<h3 class=\"t_subtitle\">S\u00e9curit\u00e9<\/h3>\n\t\t\t\t\t\t\t\t\t\t\t<h3 class=\"t_subtitle\">Mise aux normes<\/h3>\n\t\t\t\t\t\t\t\t\t<\/div>\n\t\t\t\n\t\t\t<p>L\u2019arriv\u00e9e du digital est une formidable opportunit\u00e9 pour remettre l\u2019humain au centre de tous les choix techniques et ergonomiques. \u00a0Les applications sur tablette ou iPhone donnent acc\u00e8s, de mani\u00e8re personnalis\u00e9e, \u00e0 l\u2019ensemble des informations qui permettent \u00e0 chacun de saisir et de comprendre toutes les composantes du confort optimum. Nous concevons l\u2019environnement technique de votre entreprise avec cette priorit\u00e9 de l\u2019humain, en co-cr\u00e9ant les solutions avec vos collaborateurs, co-programmant vos besoins, et assurant la s\u00e9curit\u00e9 de vos biens et de vos salari\u00e9s.<\/p>\n\n\t\t<\/div>\n\t\t\n\t<\/div>\n<\/section>","protected":false},"excerpt":{"rendered":"","protected":false},"author":1,"featured_media":0,"parent":65,"menu_order":4,"comment_status":"closed","ping_status":"closed","template":"template-service.php","meta":{"_acf_changed":false,"footnotes":""},"class_list":["post-155","page","type-page","status-publish","hentry"],"acf":[],"yoast_head":"<!-- This site is optimized with the Yoast SEO plugin v27.5 - https:\/\/yoast.com\/product\/yoast-seo-wordpress\/ -->\n<title>S&#039;approprier de nouvelles technologies - Projective Architecture<\/title>\n<meta name=\"robots\" content=\"index, follow, max-snippet:-1, max-image-preview:large, max-video-preview:-1\" \/>\n<link rel=\"canonical\" href=\"https:\/\/www.projectivearchitecture.fr\/fr\/services\/s-approprier-de-nouvelles-technologies\/\" \/>\n<meta property=\"og:locale\" content=\"fr_FR\" \/>\n<meta property=\"og:type\" content=\"article\" \/>\n<meta property=\"og:title\" content=\"S&#039;approprier de nouvelles technologies - Projective Architecture\" \/>\n<meta property=\"og:url\" content=\"https:\/\/www.projectivearchitecture.fr\/fr\/services\/s-approprier-de-nouvelles-technologies\/\" \/>\n<meta property=\"og:site_name\" content=\"Projective Architecture\" \/>\n<meta property=\"article:modified_time\" content=\"2025-02-05T12:22:41+00:00\" \/>\n<meta name=\"twitter:card\" content=\"summary_large_image\" \/>\n<script type=\"application\/ld+json\" class=\"yoast-schema-graph\">{\"@context\":\"https:\\\/\\\/schema.org\",\"@graph\":[{\"@type\":\"WebPage\",\"@id\":\"https:\\\/\\\/www.projectivearchitecture.fr\\\/fr\\\/services\\\/s-approprier-de-nouvelles-technologies\\\/\",\"url\":\"https:\\\/\\\/www.projectivearchitecture.fr\\\/fr\\\/services\\\/s-approprier-de-nouvelles-technologies\\\/\",\"name\":\"S'approprier de nouvelles technologies - Projective Architecture\",\"isPartOf\":{\"@id\":\"https:\\\/\\\/www.projectivearchitecture.fr\\\/fr\\\/#website\"},\"datePublished\":\"2024-12-30T16:15:07+00:00\",\"dateModified\":\"2025-02-05T12:22:41+00:00\",\"breadcrumb\":{\"@id\":\"https:\\\/\\\/www.projectivearchitecture.fr\\\/fr\\\/services\\\/s-approprier-de-nouvelles-technologies\\\/#breadcrumb\"},\"inLanguage\":\"fr-FR\",\"potentialAction\":[{\"@type\":\"ReadAction\",\"target\":[\"https:\\\/\\\/www.projectivearchitecture.fr\\\/fr\\\/services\\\/s-approprier-de-nouvelles-technologies\\\/\"]}]},{\"@type\":\"BreadcrumbList\",\"@id\":\"https:\\\/\\\/www.projectivearchitecture.fr\\\/fr\\\/services\\\/s-approprier-de-nouvelles-technologies\\\/#breadcrumb\",\"itemListElement\":[{\"@type\":\"ListItem\",\"position\":1,\"name\":\"Accueil\",\"item\":\"https:\\\/\\\/www.projectivearchitecture.fr\\\/fr\\\/\"},{\"@type\":\"ListItem\",\"position\":2,\"name\":\"Services\",\"item\":\"https:\\\/\\\/www.projectivearchitecture.fr\\\/fr\\\/services\\\/\"},{\"@type\":\"ListItem\",\"position\":3,\"name\":\"S&rsquo;approprier de nouvelles technologies\"}]},{\"@type\":\"WebSite\",\"@id\":\"https:\\\/\\\/www.projectivearchitecture.fr\\\/fr\\\/#website\",\"url\":\"https:\\\/\\\/www.projectivearchitecture.fr\\\/fr\\\/\",\"name\":\"Projective Architecture\",\"description\":\"Acc\u00e9l\u00e9rateur d&#039;innovation\",\"potentialAction\":[{\"@type\":\"SearchAction\",\"target\":{\"@type\":\"EntryPoint\",\"urlTemplate\":\"https:\\\/\\\/www.projectivearchitecture.fr\\\/fr\\\/?s={search_term_string}\"},\"query-input\":{\"@type\":\"PropertyValueSpecification\",\"valueRequired\":true,\"valueName\":\"search_term_string\"}}],\"inLanguage\":\"fr-FR\"}]}<\/script>\n<!-- \/ Yoast SEO plugin. -->","yoast_head_json":{"title":"S'approprier de nouvelles technologies - Projective Architecture","robots":{"index":"index","follow":"follow","max-snippet":"max-snippet:-1","max-image-preview":"max-image-preview:large","max-video-preview":"max-video-preview:-1"},"canonical":"https:\/\/www.projectivearchitecture.fr\/fr\/services\/s-approprier-de-nouvelles-technologies\/","og_locale":"fr_FR","og_type":"article","og_title":"S'approprier de nouvelles technologies - Projective Architecture","og_url":"https:\/\/www.projectivearchitecture.fr\/fr\/services\/s-approprier-de-nouvelles-technologies\/","og_site_name":"Projective Architecture","article_modified_time":"2025-02-05T12:22:41+00:00","twitter_card":"summary_large_image","schema":{"@context":"https:\/\/schema.org","@graph":[{"@type":"WebPage","@id":"https:\/\/www.projectivearchitecture.fr\/fr\/services\/s-approprier-de-nouvelles-technologies\/","url":"https:\/\/www.projectivearchitecture.fr\/fr\/services\/s-approprier-de-nouvelles-technologies\/","name":"S'approprier de nouvelles technologies - Projective Architecture","isPartOf":{"@id":"https:\/\/www.projectivearchitecture.fr\/fr\/#website"},"datePublished":"2024-12-30T16:15:07+00:00","dateModified":"2025-02-05T12:22:41+00:00","breadcrumb":{"@id":"https:\/\/www.projectivearchitecture.fr\/fr\/services\/s-approprier-de-nouvelles-technologies\/#breadcrumb"},"inLanguage":"fr-FR","potentialAction":[{"@type":"ReadAction","target":["https:\/\/www.projectivearchitecture.fr\/fr\/services\/s-approprier-de-nouvelles-technologies\/"]}]},{"@type":"BreadcrumbList","@id":"https:\/\/www.projectivearchitecture.fr\/fr\/services\/s-approprier-de-nouvelles-technologies\/#breadcrumb","itemListElement":[{"@type":"ListItem","position":1,"name":"Accueil","item":"https:\/\/www.projectivearchitecture.fr\/fr\/"},{"@type":"ListItem","position":2,"name":"Services","item":"https:\/\/www.projectivearchitecture.fr\/fr\/services\/"},{"@type":"ListItem","position":3,"name":"S&rsquo;approprier de nouvelles technologies"}]},{"@type":"WebSite","@id":"https:\/\/www.projectivearchitecture.fr\/fr\/#website","url":"https:\/\/www.projectivearchitecture.fr\/fr\/","name":"Projective Architecture","description":"Acc\u00e9l\u00e9rateur d&#039;innovation","potentialAction":[{"@type":"SearchAction","target":{"@type":"EntryPoint","urlTemplate":"https:\/\/www.projectivearchitecture.fr\/fr\/?s={search_term_string}"},"query-input":{"@type":"PropertyValueSpecification","valueRequired":true,"valueName":"search_term_string"}}],"inLanguage":"fr-FR"}]}},"_links":{"self":[{"href":"https:\/\/www.projectivearchitecture.fr\/fr\/wp-json\/wp\/v2\/pages\/155","targetHints":{"allow":["GET"]}}],"collection":[{"href":"https:\/\/www.projectivearchitecture.fr\/fr\/wp-json\/wp\/v2\/pages"}],"about":[{"href":"https:\/\/www.projectivearchitecture.fr\/fr\/wp-json\/wp\/v2\/types\/page"}],"author":[{"embeddable":true,"href":"https:\/\/www.projectivearchitecture.fr\/fr\/wp-json\/wp\/v2\/users\/1"}],"replies":[{"embeddable":true,"href":"https:\/\/www.projectivearchitecture.fr\/fr\/wp-json\/wp\/v2\/comments?post=155"}],"version-history":[{"count":9,"href":"https:\/\/www.projectivearchitecture.fr\/fr\/wp-json\/wp\/v2\/pages\/155\/revisions"}],"predecessor-version":[{"id":769,"href":"https:\/\/www.projectivearchitecture.fr\/fr\/wp-json\/wp\/v2\/pages\/155\/revisions\/769"}],"up":[{"embeddable":true,"href":"https:\/\/www.projectivearchitecture.fr\/fr\/wp-json\/wp\/v2\/pages\/65"}],"wp:attachment":[{"href":"https:\/\/www.projectivearchitecture.fr\/fr\/wp-json\/wp\/v2\/media?parent=155"}],"curies":[{"name":"wp","href":"https:\/\/api.w.org\/{rel}","templated":true}]}}