{"id":152,"date":"2024-12-30T17:13:49","date_gmt":"2024-12-30T16:13:49","guid":{"rendered":"https:\/\/mlmyugp.cluster100.hosting.ovh.net\/fr\/?page_id=152"},"modified":"2025-03-21T16:59:24","modified_gmt":"2025-03-21T15:59:24","slug":"co-transformer-les-equipes","status":"publish","type":"page","link":"https:\/\/www.projectivearchitecture.fr\/fr\/services\/co-transformer-les-equipes\/","title":{"rendered":"Co-transformer les \u00e9quipes"},"content":{"rendered":"\n<section class=\"obj_section section_text-image\">\n\t<div class=\"ctn_section\">\n\n\t\t<picture class=\"ctn_image\">\n\t\t\t\t\t\t<source srcset=\"https:\/\/www.projectivearchitecture.fr\/fr\/wp-content\/uploads\/2025\/01\/620x500_Suscitercuriosite.jpg\" media=\"(max-width:767px)\">\n\t\t\t<img decoding=\"async\" src=\"https:\/\/www.projectivearchitecture.fr\/fr\/wp-content\/uploads\/2025\/01\/620x500_Suscitercuriosite.jpg\" alt=\"\"\/>\n\t\t<\/picture>\n\n\t\t<div class=\"ctn_text\">\n\n\t\t\t\t\t\t\t<div class=\"ctn_title\">\n\t\t\t\t\t<h3 class=\"t_title\">Susciter la curiosit\u00e9<\/h3>\n\t\t\t\t<\/div>\n\t\t\t\n\t\t\t\t\t\t\t<div class=\"ctn_subtitles\">\n\t\t\t\t\t\t\t\t\t\t\t<h3 class=\"t_subtitle\">Stimuler<\/h3>\n\t\t\t\t\t\t\t\t\t\t\t<h3 class=\"t_subtitle\">D\u00e9crypter<\/h3>\n\t\t\t\t\t\t\t\t\t\t\t<h3 class=\"t_subtitle\">Inspirer<\/h3>\n\t\t\t\t\t\t\t\t\t<\/div>\n\t\t\t\n\t\t\t<p>Les entreprises ont besoin de mieux appr\u00e9hender notre monde en mue digitale pour se lancer dans un processus d\u2019innovation acc\u00e9l\u00e9r\u00e9. Au travers de voyages, visites, conf\u00e9rences interactives et rencontres d\u2019experts, nous encourageons le d\u00e9cadrage physique et vous proposons un d\u00e9cryptage des articulations entre les dimensions manag\u00e9riales, organisationnelles, culturelles, technologiques et spatiales.<\/p>\n\n\t\t<\/div>\n\t\t\n\t<\/div>\n<\/section>\n\n\n<section class=\"obj_section section_text-image\">\n\t<div class=\"ctn_section\">\n\n\t\t<picture class=\"ctn_image\">\n\t\t\t\t\t\t<source srcset=\"https:\/\/www.projectivearchitecture.fr\/fr\/wp-content\/uploads\/2025\/01\/620x500_coconstruire-une-strategie.jpg\" media=\"(max-width:767px)\">\n\t\t\t<img decoding=\"async\" src=\"https:\/\/www.projectivearchitecture.fr\/fr\/wp-content\/uploads\/2025\/01\/620x500_coconstruire-une-strategie.jpg\" alt=\"\"\/>\n\t\t<\/picture>\n\n\t\t<div class=\"ctn_text\">\n\n\t\t\t\t\t\t\t<div class=\"ctn_title\">\n\t\t\t\t\t<h3 class=\"t_title\">Co-construire une strat\u00e9gie qui vous ressemble<\/h3>\n\t\t\t\t<\/div>\n\t\t\t\n\t\t\t\t\t\t\t<div class=\"ctn_subtitles\">\n\t\t\t\t\t\t\t\t\t\t\t<h3 class=\"t_subtitle\">R\u00eaver<\/h3>\n\t\t\t\t\t\t\t\t\t\t\t<h3 class=\"t_subtitle\">Partager<\/h3>\n\t\t\t\t\t\t\t\t\t\t\t<h3 class=\"t_subtitle\">Propulser<\/h3>\n\t\t\t\t\t\t\t\t\t<\/div>\n\t\t\t\n\t\t\t<p>Dans notre soci\u00e9t\u00e9, les modes d\u2019organisation se complexifient, les populations et les profils \u00e9voluent et de nouveaux processus apparaissent, rendant indispensable de co-construire une strat\u00e9gie d\u2019innovation. Nous vous accompagnons dans l\u2019\u00e9laboration, le choix et l\u2019adh\u00e9sion \u00e0 une strat\u00e9gie d\u2019innovation organisationnelle, digitale et spatiale au travers d\u2019ateliers int\u00e9grant les diff\u00e9rents leaders de votre \u00e9cosyst\u00e8me.<\/p>\n\n\t\t<\/div>\n\t\t\n\t<\/div>\n<\/section>\n\n\n<section class=\"obj_section section_text-image\">\n\t<div class=\"ctn_section\">\n\n\t\t<picture class=\"ctn_image\">\n\t\t\t\t\t\t<source srcset=\"https:\/\/www.projectivearchitecture.fr\/fr\/wp-content\/uploads\/2025\/01\/620x500_Sensibiliser-et-coacher-les-managers.jpg\" media=\"(max-width:767px)\">\n\t\t\t<img decoding=\"async\" src=\"https:\/\/www.projectivearchitecture.fr\/fr\/wp-content\/uploads\/2025\/01\/620x500_Sensibiliser-et-coacher-les-managers.jpg\" alt=\"\"\/>\n\t\t<\/picture>\n\n\t\t<div class=\"ctn_text\">\n\n\t\t\t\t\t\t\t<div class=\"ctn_title\">\n\t\t\t\t\t<h3 class=\"t_title\">Sensibiliser et coacher les managers<\/h3>\n\t\t\t\t<\/div>\n\t\t\t\n\t\t\t\t\t\t\t<div class=\"ctn_subtitles\">\n\t\t\t\t\t\t\t\t\t\t\t<h3 class=\"t_subtitle\">Impliquer<\/h3>\n\t\t\t\t\t\t\t\t\t\t\t<h3 class=\"t_subtitle\">Guider<\/h3>\n\t\t\t\t\t\t\t\t\t\t\t<h3 class=\"t_subtitle\">R\u00e9v\u00e9ler<\/h3>\n\t\t\t\t\t\t\t\t\t<\/div>\n\t\t\t\n\t\t\t<p>Au travail, s\u2019accomplir, entreprendre, r\u00e9aliser, acqu\u00e9rir (des comp\u00e9tences), nouer (des liens), appartenir, co-cr\u00e9er sont les premi\u00e8res sources de satisfaction du digitalien aujourd\u2019hui. A travers l\u2019intelligence collective de vos \u00e9quipes, nous vous permettons de (re)d\u00e9finir votre identit\u00e9 organisationnelle pour vous amener progressivement vers une entreprise plus \u00ab lib\u00e9r\u00e9e \u00bb, cr\u00e9ative, agile et performante.<\/p>\n\n\t\t<\/div>\n\t\t\n\t<\/div>\n<\/section>\n\n\n<section class=\"obj_section section_text-image\">\n\t<div class=\"ctn_section\">\n\n\t\t<picture class=\"ctn_image\">\n\t\t\t\t\t\t<source srcset=\"https:\/\/www.projectivearchitecture.fr\/fr\/wp-content\/uploads\/2025\/01\/620x500_creerladhesiondetous.jpg\" media=\"(max-width:767px)\">\n\t\t\t<img decoding=\"async\" src=\"https:\/\/www.projectivearchitecture.fr\/fr\/wp-content\/uploads\/2025\/01\/620x500_creerladhesiondetous.jpg\" alt=\"\"\/>\n\t\t<\/picture>\n\n\t\t<div class=\"ctn_text\">\n\n\t\t\t\t\t\t\t<div class=\"ctn_title\">\n\t\t\t\t\t<h3 class=\"t_title\">Cr\u00e9er l&rsquo;adh\u00e9sion de tous<\/h3>\n\t\t\t\t<\/div>\n\t\t\t\n\t\t\t\t\t\t\t<div class=\"ctn_subtitles\">\n\t\t\t\t\t\t\t\t\t\t\t<h3 class=\"t_subtitle\">Partager<\/h3>\n\t\t\t\t\t\t\t\t\t\t\t<h3 class=\"t_subtitle\">R\u00e9agir<\/h3>\n\t\t\t\t\t\t\t\t\t\t\t<h3 class=\"t_subtitle\">Enrichir<\/h3>\n\t\t\t\t\t\t\t\t\t<\/div>\n\t\t\t\n\t\t\t<p>Dans un monde o\u00f9 la communication est textes, images, vid\u00e9os, r\u00e9alit\u00e9 virtuelle, les projets doivent \u00eatre co-cr\u00e9\u00e9s et susciter l\u2019adh\u00e9sion de tous. Pour cela, nous \u00e9tablissons avec vous une strat\u00e9gie de communication d\u00e9di\u00e9e, et mettons \u00e0 la disposition de vos collaborateurs, les informations li\u00e9es au d\u00e9roulement des op\u00e9rations ainsi que des outils de partage et d\u2019interactivit\u00e9, qui viennent enrichir le projet final.<\/p>\n\n\t\t<\/div>\n\t\t\n\t<\/div>\n<\/section>\n\n\n<section class=\"obj_section section_text-image\">\n\t<div class=\"ctn_section\">\n\n\t\t<picture class=\"ctn_image\">\n\t\t\t\t\t\t<source srcset=\"https:\/\/www.projectivearchitecture.fr\/fr\/wp-content\/uploads\/2025\/01\/620x500_mesurer-la-performance.jpg\" media=\"(max-width:767px)\">\n\t\t\t<img decoding=\"async\" src=\"https:\/\/www.projectivearchitecture.fr\/fr\/wp-content\/uploads\/2025\/01\/620x500_mesurer-la-performance.jpg\" alt=\"\"\/>\n\t\t<\/picture>\n\n\t\t<div class=\"ctn_text\">\n\n\t\t\t\t\t\t\t<div class=\"ctn_title\">\n\t\t\t\t\t<h3 class=\"t_title\">Mesurer la performance<\/h3>\n\t\t\t\t<\/div>\n\t\t\t\n\t\t\t\t\t\t\t<div class=\"ctn_subtitles\">\n\t\t\t\t\t\t\t\t\t\t\t<h3 class=\"t_subtitle\">\u00c9valuer<\/h3>\n\t\t\t\t\t\t\t\t\t\t\t<h3 class=\"t_subtitle\">Revisiter<\/h3>\n\t\t\t\t\t\t\t\t\t\t\t<h3 class=\"t_subtitle\">Progresser<\/h3>\n\t\t\t\t\t\t\t\t\t<\/div>\n\t\t\t\n\t\t\t<p>Le grand challenge des ann\u00e9es \u00e0 venir est la mise en place de l\u2019indicateur de performance de la d\u00e9pense la plus importante de l\u2019entreprise : l\u2019humain. Nous vous aidons \u00e0 \u00e9valuer en temps r\u00e9el la performance des diff\u00e9rents espaces, technologies mises en place, organisations humaines, au service de vos collaborateurs.<\/p>\n\n\t\t<\/div>\n\t\t\n\t<\/div>\n<\/section>","protected":false},"excerpt":{"rendered":"","protected":false},"author":1,"featured_media":0,"parent":65,"menu_order":2,"comment_status":"closed","ping_status":"closed","template":"template-service.php","meta":{"_acf_changed":false,"footnotes":""},"class_list":["post-152","page","type-page","status-publish","hentry"],"acf":[],"yoast_head":"<!-- This site is optimized with the Yoast SEO plugin v27.5 - https:\/\/yoast.com\/product\/yoast-seo-wordpress\/ -->\n<title>Co-transformer les \u00e9quipes - Projective Architecture<\/title>\n<meta name=\"robots\" content=\"index, follow, max-snippet:-1, max-image-preview:large, max-video-preview:-1\" \/>\n<link rel=\"canonical\" href=\"https:\/\/www.projectivearchitecture.fr\/fr\/services\/co-transformer-les-equipes\/\" \/>\n<meta property=\"og:locale\" content=\"fr_FR\" \/>\n<meta property=\"og:type\" content=\"article\" \/>\n<meta property=\"og:title\" content=\"Co-transformer les \u00e9quipes - Projective Architecture\" \/>\n<meta property=\"og:url\" content=\"https:\/\/www.projectivearchitecture.fr\/fr\/services\/co-transformer-les-equipes\/\" \/>\n<meta property=\"og:site_name\" content=\"Projective Architecture\" \/>\n<meta property=\"article:modified_time\" content=\"2025-03-21T15:59:24+00:00\" \/>\n<meta name=\"twitter:card\" content=\"summary_large_image\" \/>\n<script type=\"application\/ld+json\" class=\"yoast-schema-graph\">{\"@context\":\"https:\\\/\\\/schema.org\",\"@graph\":[{\"@type\":\"WebPage\",\"@id\":\"https:\\\/\\\/www.projectivearchitecture.fr\\\/fr\\\/services\\\/co-transformer-les-equipes\\\/\",\"url\":\"https:\\\/\\\/www.projectivearchitecture.fr\\\/fr\\\/services\\\/co-transformer-les-equipes\\\/\",\"name\":\"Co-transformer les \u00e9quipes - Projective Architecture\",\"isPartOf\":{\"@id\":\"https:\\\/\\\/www.projectivearchitecture.fr\\\/fr\\\/#website\"},\"datePublished\":\"2024-12-30T16:13:49+00:00\",\"dateModified\":\"2025-03-21T15:59:24+00:00\",\"breadcrumb\":{\"@id\":\"https:\\\/\\\/www.projectivearchitecture.fr\\\/fr\\\/services\\\/co-transformer-les-equipes\\\/#breadcrumb\"},\"inLanguage\":\"fr-FR\",\"potentialAction\":[{\"@type\":\"ReadAction\",\"target\":[\"https:\\\/\\\/www.projectivearchitecture.fr\\\/fr\\\/services\\\/co-transformer-les-equipes\\\/\"]}]},{\"@type\":\"BreadcrumbList\",\"@id\":\"https:\\\/\\\/www.projectivearchitecture.fr\\\/fr\\\/services\\\/co-transformer-les-equipes\\\/#breadcrumb\",\"itemListElement\":[{\"@type\":\"ListItem\",\"position\":1,\"name\":\"Accueil\",\"item\":\"https:\\\/\\\/www.projectivearchitecture.fr\\\/fr\\\/\"},{\"@type\":\"ListItem\",\"position\":2,\"name\":\"Services\",\"item\":\"https:\\\/\\\/www.projectivearchitecture.fr\\\/fr\\\/services\\\/\"},{\"@type\":\"ListItem\",\"position\":3,\"name\":\"Co-transformer les \u00e9quipes\"}]},{\"@type\":\"WebSite\",\"@id\":\"https:\\\/\\\/www.projectivearchitecture.fr\\\/fr\\\/#website\",\"url\":\"https:\\\/\\\/www.projectivearchitecture.fr\\\/fr\\\/\",\"name\":\"Projective Architecture\",\"description\":\"Acc\u00e9l\u00e9rateur d&#039;innovation\",\"potentialAction\":[{\"@type\":\"SearchAction\",\"target\":{\"@type\":\"EntryPoint\",\"urlTemplate\":\"https:\\\/\\\/www.projectivearchitecture.fr\\\/fr\\\/?s={search_term_string}\"},\"query-input\":{\"@type\":\"PropertyValueSpecification\",\"valueRequired\":true,\"valueName\":\"search_term_string\"}}],\"inLanguage\":\"fr-FR\"}]}<\/script>\n<!-- \/ Yoast SEO plugin. -->","yoast_head_json":{"title":"Co-transformer les \u00e9quipes - Projective Architecture","robots":{"index":"index","follow":"follow","max-snippet":"max-snippet:-1","max-image-preview":"max-image-preview:large","max-video-preview":"max-video-preview:-1"},"canonical":"https:\/\/www.projectivearchitecture.fr\/fr\/services\/co-transformer-les-equipes\/","og_locale":"fr_FR","og_type":"article","og_title":"Co-transformer les \u00e9quipes - Projective Architecture","og_url":"https:\/\/www.projectivearchitecture.fr\/fr\/services\/co-transformer-les-equipes\/","og_site_name":"Projective Architecture","article_modified_time":"2025-03-21T15:59:24+00:00","twitter_card":"summary_large_image","schema":{"@context":"https:\/\/schema.org","@graph":[{"@type":"WebPage","@id":"https:\/\/www.projectivearchitecture.fr\/fr\/services\/co-transformer-les-equipes\/","url":"https:\/\/www.projectivearchitecture.fr\/fr\/services\/co-transformer-les-equipes\/","name":"Co-transformer les \u00e9quipes - Projective Architecture","isPartOf":{"@id":"https:\/\/www.projectivearchitecture.fr\/fr\/#website"},"datePublished":"2024-12-30T16:13:49+00:00","dateModified":"2025-03-21T15:59:24+00:00","breadcrumb":{"@id":"https:\/\/www.projectivearchitecture.fr\/fr\/services\/co-transformer-les-equipes\/#breadcrumb"},"inLanguage":"fr-FR","potentialAction":[{"@type":"ReadAction","target":["https:\/\/www.projectivearchitecture.fr\/fr\/services\/co-transformer-les-equipes\/"]}]},{"@type":"BreadcrumbList","@id":"https:\/\/www.projectivearchitecture.fr\/fr\/services\/co-transformer-les-equipes\/#breadcrumb","itemListElement":[{"@type":"ListItem","position":1,"name":"Accueil","item":"https:\/\/www.projectivearchitecture.fr\/fr\/"},{"@type":"ListItem","position":2,"name":"Services","item":"https:\/\/www.projectivearchitecture.fr\/fr\/services\/"},{"@type":"ListItem","position":3,"name":"Co-transformer les \u00e9quipes"}]},{"@type":"WebSite","@id":"https:\/\/www.projectivearchitecture.fr\/fr\/#website","url":"https:\/\/www.projectivearchitecture.fr\/fr\/","name":"Projective Architecture","description":"Acc\u00e9l\u00e9rateur d&#039;innovation","potentialAction":[{"@type":"SearchAction","target":{"@type":"EntryPoint","urlTemplate":"https:\/\/www.projectivearchitecture.fr\/fr\/?s={search_term_string}"},"query-input":{"@type":"PropertyValueSpecification","valueRequired":true,"valueName":"search_term_string"}}],"inLanguage":"fr-FR"}]}},"_links":{"self":[{"href":"https:\/\/www.projectivearchitecture.fr\/fr\/wp-json\/wp\/v2\/pages\/152","targetHints":{"allow":["GET"]}}],"collection":[{"href":"https:\/\/www.projectivearchitecture.fr\/fr\/wp-json\/wp\/v2\/pages"}],"about":[{"href":"https:\/\/www.projectivearchitecture.fr\/fr\/wp-json\/wp\/v2\/types\/page"}],"author":[{"embeddable":true,"href":"https:\/\/www.projectivearchitecture.fr\/fr\/wp-json\/wp\/v2\/users\/1"}],"replies":[{"embeddable":true,"href":"https:\/\/www.projectivearchitecture.fr\/fr\/wp-json\/wp\/v2\/comments?post=152"}],"version-history":[{"count":16,"href":"https:\/\/www.projectivearchitecture.fr\/fr\/wp-json\/wp\/v2\/pages\/152\/revisions"}],"predecessor-version":[{"id":897,"href":"https:\/\/www.projectivearchitecture.fr\/fr\/wp-json\/wp\/v2\/pages\/152\/revisions\/897"}],"up":[{"embeddable":true,"href":"https:\/\/www.projectivearchitecture.fr\/fr\/wp-json\/wp\/v2\/pages\/65"}],"wp:attachment":[{"href":"https:\/\/www.projectivearchitecture.fr\/fr\/wp-json\/wp\/v2\/media?parent=152"}],"curies":[{"name":"wp","href":"https:\/\/api.w.org\/{rel}","templated":true}]}}